{"id":919,"date":"2021-09-28T02:33:25","date_gmt":"2021-09-28T02:33:25","guid":{"rendered":"https:\/\/webdeluxe.com.co\/edifintel\/?page_id=919"},"modified":"2022-04-16T02:28:02","modified_gmt":"2022-04-16T02:28:02","slug":"apartamento-203-y-303","status":"publish","type":"page","link":"https:\/\/edifintel.com\/inicio\/apartamento-203-y-303\/","title":{"rendered":"Apartamento 203 y 303"},"content":{"rendered":"<p>[et_pb_section fb_built=\u00bb1&#8243; next_background_color=\u00bb#ffffff\u00bb admin_label=\u00bbAbout Section\u00bb _builder_version=\u00bb4.9.11&#8243; background_color=\u00bb#b7cc33&#8243; custom_margin=\u00bb28px|||||\u00bb custom_padding=\u00bb18px|0px|3px|0px||\u00bb bottom_divider_style=\u00bbasymmetric\u00bb global_colors_info=\u00bb{}\u00bb][et_pb_row column_structure=\u00bb1_2,1_2&#8243; _builder_version=\u00bb4.9.11&#8243; custom_margin=\u00bb|auto|-2px|auto||\u00bb custom_padding=\u00bb11.7%||||false|false\u00bb global_colors_info=\u00bb{}\u00bb][et_pb_column type=\u00bb1_2&#8243; _builder_version=\u00bb3.25&#8243; custom_padding=\u00bb|||\u00bb global_colors_info=\u00bb{}\u00bb custom_padding__hover=\u00bb|||\u00bb][\/et_pb_column][et_pb_column type=\u00bb1_2&#8243; _builder_version=\u00bb3.25&#8243; custom_padding=\u00bb|||\u00bb global_colors_info=\u00bb{}\u00bb custom_padding__hover=\u00bb|||\u00bb][et_pb_text _builder_version=\u00bb4.9.11&#8243; _module_preset=\u00bbdefault\u00bb text_font=\u00bbPoppins|700|||||||\u00bb text_text_color=\u00bbrgba(255,255,255,0.39)\u00bb text_font_size=\u00bb100px\u00bb text_orientation=\u00bbcenter\u00bb custom_margin=\u00bb-40px|||||\u00bb custom_padding=\u00bb11px|||||\u00bb global_colors_info=\u00bb{}\u00bb]<\/p>\n<p>203|303<\/p>\n<p>[\/et_pb_text][\/et_pb_column][\/et_pb_row][\/et_pb_section][et_pb_section fb_built=\u00bb1&#8243; admin_label=\u00bbAbout Section\u00bb _builder_version=\u00bb4.9.11&#8243; custom_margin=\u00bb||||false|false\u00bb custom_padding=\u00bb18px|0px|3px|0px||\u00bb global_colors_info=\u00bb{}\u00bb][et_pb_row column_structure=\u00bb1_2,1_2&#8243; _builder_version=\u00bb4.9.11&#8243; custom_margin=\u00bb|auto|-2px|auto||\u00bb custom_padding=\u00bb2.9%||||false|false\u00bb global_colors_info=\u00bb{}\u00bb][et_pb_column type=\u00bb1_2&#8243; _builder_version=\u00bb3.25&#8243; custom_padding=\u00bb|||\u00bb global_colors_info=\u00bb{}\u00bb custom_padding__hover=\u00bb|||\u00bb][et_pb_text _builder_version=\u00bb4.9.11&#8243; text_font=\u00bbLato||||||||\u00bb text_text_color=\u00bb#423c3b\u00bb text_font_size=\u00bb16px\u00bb text_line_height=\u00bb2em\u00bb header_font=\u00bb||||||||\u00bb header_2_font=\u00bbLato||||||||\u00bb header_3_font=\u00bbPoppins|700|||||||\u00bb header_3_font_size=\u00bb36px\u00bb header_3_line_height=\u00bb1.5em\u00bb custom_margin=\u00bb2px|||||\u00bb global_colors_info=\u00bb{}\u00bb]<\/p>\n<h3>\u00f3partamentos 203 | 303<\/h3>\n<h4>Apartamento con 1 habitacion, 1 ba\u00f1o.<\/h4>\n<p style=\"text-align: justify;\"><span>Espectacular apartamento con vista interna, una habitaci\u00f3n, un ba\u00f1o, cocina tipo am\u00e9ricano, estilo loft abierto, sala-comedor, balc\u00f3n, parqueadero y dep\u00f3sito.<\/span><\/p>\n<p>[\/et_pb_text][\/et_pb_column][et_pb_column type=\u00bb1_2&#8243; _builder_version=\u00bb3.25&#8243; custom_padding=\u00bb|||\u00bb global_colors_info=\u00bb{}\u00bb custom_padding__hover=\u00bb|||\u00bb][et_pb_image src=\u00bbhttp:\/\/edifintel.com\/inicio\/wp-content\/uploads\/2021\/09\/Plano-1.png\u00bb title_text=\u00bbPlano\u00bb _builder_version=\u00bb4.9.11&#8243; _module_preset=\u00bbdefault\u00bb transform_origin=\u00bb188%|10%\u00bb global_colors_info=\u00bb{}\u00bb][\/et_pb_image][\/et_pb_column][\/et_pb_row][\/et_pb_section][et_pb_section fb_built=\u00bb1&#8243; _builder_version=\u00bb4.9.11&#8243; _module_preset=\u00bbdefault\u00bb background_color=\u00bb#2f5496&#8243; custom_padding=\u00bb2px||28px|||\u00bb global_colors_info=\u00bb{}\u00bb][et_pb_row column_structure=\u00bb1_6,1_6,1_6,1_6,1_6,1_6&#8243; use_custom_gutter=\u00bbon\u00bb gutter_width=\u00bb2&#8243; _builder_version=\u00bb4.9.11&#8243; _module_preset=\u00bbdefault\u00bb width=\u00bb100%\u00bb max_width=\u00bb1208px\u00bb custom_margin=\u00bb5px|auto|-24px|auto||\u00bb global_colors_info=\u00bb{}\u00bb][et_pb_column type=\u00bb1_6&#8243; _builder_version=\u00bb4.9.11&#8243; _module_preset=\u00bbdefault\u00bb global_colors_info=\u00bb{}\u00bb][et_pb_text _builder_version=\u00bb4.9.11&#8243; _module_preset=\u00bbdefault\u00bb text_font=\u00bbPoppins||||||||\u00bb text_text_color=\u00bb#FFFFFF\u00bb text_font_size=\u00bb17px\u00bb text_orientation=\u00bbcenter\u00bb global_colors_info=\u00bb{}\u00bb transform_styles__hover_enabled=\u00bbon|hover\u00bb transform_scale__hover_enabled=\u00bbon|hover\u00bb transform_translate__hover_enabled=\u00bbon|desktop\u00bb transform_rotate__hover_enabled=\u00bbon|desktop\u00bb transform_skew__hover_enabled=\u00bbon|desktop\u00bb transform_origin__hover_enabled=\u00bbon|desktop\u00bb transform_scale__hover=\u00bb105%|105%\u00bb]<\/p>\n<p><img loading=\"lazy\" decoding=\"async\" src=\"http:\/\/edifintel.com\/inicio\/wp-content\/uploads\/2021\/09\/Area-Construida.png\" width=\"55\" height=\"53\" alt=\"\" class=\"wp-image-875 alignnone size-full\" \/><br \/>\u00c1rea Constru\u00edda:<br \/><strong><span style=\"font-size: xx-large;\">49,03m\u00b2<\/span><\/strong><\/p>\n<p>[\/et_pb_text][\/et_pb_column][et_pb_column type=\u00bb1_6&#8243; _builder_version=\u00bb4.9.11&#8243; _module_preset=\u00bbdefault\u00bb global_colors_info=\u00bb{}\u00bb][et_pb_text _builder_version=\u00bb4.9.11&#8243; _module_preset=\u00bbdefault\u00bb text_font=\u00bbPoppins||||||||\u00bb text_text_color=\u00bb#FFFFFF\u00bb text_font_size=\u00bb17px\u00bb text_orientation=\u00bbcenter\u00bb global_colors_info=\u00bb{}\u00bb transform_styles__hover_enabled=\u00bbon|hover\u00bb transform_scale__hover_enabled=\u00bbon|hover\u00bb transform_translate__hover_enabled=\u00bbon|desktop\u00bb transform_rotate__hover_enabled=\u00bbon|desktop\u00bb transform_skew__hover_enabled=\u00bbon|desktop\u00bb transform_origin__hover_enabled=\u00bbon|desktop\u00bb transform_scale__hover=\u00bb105%|105%\u00bb]<\/p>\n<p><img loading=\"lazy\" decoding=\"async\" src=\"http:\/\/edifintel.com\/inicio\/wp-content\/uploads\/2021\/09\/Area-Privada.png\" width=\"54\" height=\"50\" alt=\"\" class=\"wp-image-877 alignnone size-full\" \/><br \/>\u00c1rea Privada:<br \/><strong><span style=\"font-size: xx-large;\">45,36m\u00b2<\/span><\/strong><\/p>\n<p>[\/et_pb_text][\/et_pb_column][et_pb_column type=\u00bb1_6&#8243; _builder_version=\u00bb4.9.11&#8243; _module_preset=\u00bbdefault\u00bb global_colors_info=\u00bb{}\u00bb][et_pb_text _builder_version=\u00bb4.9.11&#8243; _module_preset=\u00bbdefault\u00bb text_font=\u00bbPoppins||||||||\u00bb text_text_color=\u00bb#FFFFFF\u00bb text_font_size=\u00bb17px\u00bb text_orientation=\u00bbcenter\u00bb global_colors_info=\u00bb{}\u00bb transform_styles__hover_enabled=\u00bbon|hover\u00bb transform_scale__hover_enabled=\u00bbon|hover\u00bb transform_translate__hover_enabled=\u00bbon|desktop\u00bb transform_rotate__hover_enabled=\u00bbon|desktop\u00bb transform_skew__hover_enabled=\u00bbon|desktop\u00bb transform_origin__hover_enabled=\u00bbon|desktop\u00bb transform_scale__hover=\u00bb105%|105%\u00bb]<\/p>\n<p><img loading=\"lazy\" decoding=\"async\" src=\"http:\/\/edifintel.com\/inicio\/wp-content\/uploads\/2021\/09\/Habitaciones.png\" width=\"66\" height=\"46\" alt=\"\" class=\"wp-image-879 alignnone size-full\" \/><br \/>1 Espacio Amplio<\/p>\n<p>[\/et_pb_text][\/et_pb_column][et_pb_column type=\u00bb1_6&#8243; _builder_version=\u00bb4.9.11&#8243; _module_preset=\u00bbdefault\u00bb global_colors_info=\u00bb{}\u00bb][et_pb_text _builder_version=\u00bb4.9.11&#8243; _module_preset=\u00bbdefault\u00bb text_font=\u00bbPoppins||||||||\u00bb text_text_color=\u00bb#FFFFFF\u00bb text_font_size=\u00bb17px\u00bb text_orientation=\u00bbcenter\u00bb global_colors_info=\u00bb{}\u00bb transform_styles__hover_enabled=\u00bbon|hover\u00bb transform_scale__hover_enabled=\u00bbon|hover\u00bb transform_translate__hover_enabled=\u00bbon|desktop\u00bb transform_rotate__hover_enabled=\u00bbon|desktop\u00bb transform_skew__hover_enabled=\u00bbon|desktop\u00bb transform_origin__hover_enabled=\u00bbon|desktop\u00bb transform_scale__hover=\u00bb105%|105%\u00bb]<\/p>\n<p><img loading=\"lazy\" decoding=\"async\" src=\"http:\/\/edifintel.com\/inicio\/wp-content\/uploads\/2021\/09\/Parqueaderos.png\" width=\"50\" height=\"47\" alt=\"\" class=\"wp-image-891 alignnone size-full\" \/><br \/>Parqueadero<br \/>Privado<\/p>\n<p>[\/et_pb_text][\/et_pb_column][et_pb_column type=\u00bb1_6&#8243; _builder_version=\u00bb4.9.11&#8243; _module_preset=\u00bbdefault\u00bb global_colors_info=\u00bb{}\u00bb][et_pb_text _builder_version=\u00bb4.9.11&#8243; _module_preset=\u00bbdefault\u00bb text_font=\u00bbPoppins||||||||\u00bb text_text_color=\u00bb#FFFFFF\u00bb text_font_size=\u00bb17px\u00bb header_6_text_color=\u00bb#FFFFFF\u00bb header_6_font_size=\u00bb11px\u00bb text_orientation=\u00bbcenter\u00bb global_colors_info=\u00bb{}\u00bb transform_styles__hover_enabled=\u00bbon|hover\u00bb transform_scale__hover_enabled=\u00bbon|hover\u00bb transform_translate__hover_enabled=\u00bbon|desktop\u00bb transform_rotate__hover_enabled=\u00bbon|desktop\u00bb transform_skew__hover_enabled=\u00bbon|desktop\u00bb transform_origin__hover_enabled=\u00bbon|desktop\u00bb transform_scale__hover=\u00bb105%|105%\u00bb]<\/p>\n<p><img loading=\"lazy\" decoding=\"async\" src=\"http:\/\/edifintel.com\/inicio\/wp-content\/uploads\/2021\/09\/Banos.png\" width=\"53\" height=\"52\" alt=\"\" class=\"wp-image-895 alignnone size-full\" \/><br \/>1 Ba\u00f1o<\/p>\n<p>[\/et_pb_text][\/et_pb_column][et_pb_column type=\u00bb1_6&#8243; _builder_version=\u00bb4.9.11&#8243; _module_preset=\u00bbdefault\u00bb global_colors_info=\u00bb{}\u00bb][et_pb_text _builder_version=\u00bb4.9.11&#8243; _module_preset=\u00bbdefault\u00bb text_font=\u00bbPoppins||||||||\u00bb text_text_color=\u00bb#FFFFFF\u00bb text_font_size=\u00bb17px\u00bb header_6_text_color=\u00bb#FFFFFF\u00bb header_6_font_size=\u00bb11px\u00bb text_orientation=\u00bbcenter\u00bb global_colors_info=\u00bb{}\u00bb transform_styles__hover_enabled=\u00bbon|hover\u00bb transform_scale__hover_enabled=\u00bbon|hover\u00bb transform_translate__hover_enabled=\u00bbon|desktop\u00bb transform_rotate__hover_enabled=\u00bbon|desktop\u00bb transform_skew__hover_enabled=\u00bbon|desktop\u00bb transform_origin__hover_enabled=\u00bbon|desktop\u00bb transform_scale__hover=\u00bb105%|105%\u00bb]<\/p>\n<p><img loading=\"lazy\" decoding=\"async\" src=\"http:\/\/edifintel.com\/inicio\/wp-content\/uploads\/2021\/09\/Bicicletero.png\" width=\"73\" height=\"55\" alt=\"\" class=\"wp-image-899 alignnone size-full\" \/><br \/>Bicicletero<\/p>\n<p>[\/et_pb_text][\/et_pb_column][\/et_pb_row][\/et_pb_section][et_pb_section fb_built=\u00bb1&#8243; _builder_version=\u00bb4.9.2&#8243; _module_preset=\u00bbdefault\u00bb custom_padding=\u00bb0px||8px|||\u00bb global_colors_info=\u00bb{}\u00bb][et_pb_row use_custom_gutter=\u00bbon\u00bb gutter_width=\u00bb1&#8243; make_equal=\u00bbon\u00bb _builder_version=\u00bb4.9.11&#8243; _module_preset=\u00bbdefault\u00bb width=\u00bb100%\u00bb max_width=\u00bb1312px\u00bb custom_padding=\u00bb0px|||||\u00bb global_colors_info=\u00bb{}\u00bb][et_pb_column type=\u00bb4_4&#8243; _builder_version=\u00bb4.9.2&#8243; _module_preset=\u00bbdefault\u00bb global_colors_info=\u00bb{}\u00bb][et_pb_gallery gallery_ids=\u00bb931,936,937,938,939&#8243; posts_number=\u00bb100&#8243; show_title_and_caption=\u00bboff\u00bb show_pagination=\u00bboff\u00bb zoom_icon_color=\u00bb#b7cc33&#8243; hover_overlay_color=\u00bbrgba(0,0,0,0.7)\u00bb hover_icon=\u00bb%%56%%\u00bb _builder_version=\u00bb4.9.11&#8243; _module_preset=\u00bbdefault\u00bb global_colors_info=\u00bb{}\u00bb][\/et_pb_gallery][\/et_pb_column][\/et_pb_row][et_pb_row _builder_version=\u00bb4.9.11&#8243; _module_preset=\u00bbdefault\u00bb custom_padding=\u00bb0px||1px|||\u00bb global_colors_info=\u00bb{}\u00bb][et_pb_column type=\u00bb4_4&#8243; _builder_version=\u00bb4.9.11&#8243; _module_preset=\u00bbdefault\u00bb global_colors_info=\u00bb{}\u00bb][et_pb_cta title=\u00bbCaracter\u00edsticas Internas\u00bb _builder_version=\u00bb4.9.11&#8243; _module_preset=\u00bbdefault\u00bb header_font=\u00bbPoppins|700|||||||\u00bb header_text_align=\u00bbleft\u00bb header_text_color=\u00bb#000000&#8243; header_font_size=\u00bb23px\u00bb body_font=\u00bbLato||||||||\u00bb body_text_align=\u00bbleft\u00bb body_text_color=\u00bb#3a3a3a\u00bb background_color=\u00bb#FFFFFF\u00bb custom_padding=\u00bb||5px|||\u00bb border_color_all=\u00bb#cecece\u00bb border_style_all=\u00bbdouble\u00bb global_colors_info=\u00bb{}\u00bb][\/et_pb_cta][\/et_pb_column][\/et_pb_row][et_pb_row column_structure=\u00bb1_3,1_3,1_3&#8243; _builder_version=\u00bb4.9.11&#8243; _module_preset=\u00bbdefault\u00bb custom_margin=\u00bb-17px|auto||auto||\u00bb custom_padding=\u00bb5px||0px|||\u00bb border_width_all=\u00bb7px\u00bb border_color_all=\u00bb#d8d8d8&#8243; border_style_all=\u00bbdouble\u00bb global_colors_info=\u00bb{}\u00bb][et_pb_column type=\u00bb1_3&#8243; _builder_version=\u00bb4.9.11&#8243; _module_preset=\u00bbdefault\u00bb global_colors_info=\u00bb{}\u00bb][et_pb_cta button_text=\u00bbClics\u00bb _builder_version=\u00bb4.9.11&#8243; _module_preset=\u00bbdefault\u00bb header_font=\u00bbPoppins|700|||||||\u00bb header_text_color=\u00bb#000000&#8243; header_font_size=\u00bb23px\u00bb body_font=\u00bbLato||||||||\u00bb body_text_align=\u00bbleft\u00bb body_text_color=\u00bb#3a3a3a\u00bb background_color=\u00bb#FFFFFF\u00bb custom_padding=\u00bb11px||5px|||\u00bb border_color_all=\u00bb#cecece\u00bb border_style_all=\u00bbdouble\u00bb global_colors_info=\u00bb{}\u00bb]<\/p>\n<ul id=\"details-1\">\n<li class=\"detalle-caracteristicas\"><i class=\"jfont\"><\/i>Ba\u00f1o Privado<\/li>\n<li class=\"detalle-caracteristicas\"><i class=\"jfont\"><\/i>Ba\u00f1o Social<\/li>\n<li class=\"detalle-caracteristicas\"><i class=\"jfont\"><\/i>Closet<\/li>\n<li class=\"detalle-caracteristicas\"><i class=\"jfont\"><\/i>Vestier<\/li>\n<li class=\"detalle-caracteristicas\"><i class=\"jfont\"><\/i>Barra Americana<\/li>\n<li class=\"detalle-caracteristicas\"><i class=\"jfont\"><\/i>Calentador A Gas<\/li>\n<li class=\"detalle-caracteristicas\"><i class=\"jfont\"><\/i>Cocina Abierta<\/li>\n<li class=\"detalle-caracteristicas\"><i class=\"jfont\"><\/i>Horno A Gas<\/li>\n<\/ul>\n<p>[\/et_pb_cta][\/et_pb_column][et_pb_column type=\u00bb1_3&#8243; _builder_version=\u00bb4.9.11&#8243; _module_preset=\u00bbdefault\u00bb global_colors_info=\u00bb{}\u00bb][et_pb_cta button_text=\u00bbClics\u00bb _builder_version=\u00bb4.9.11&#8243; _module_preset=\u00bbdefault\u00bb header_font=\u00bbPoppins|700|||||||\u00bb header_text_color=\u00bb#000000&#8243; header_font_size=\u00bb23px\u00bb body_font=\u00bbLato||||||||\u00bb body_text_align=\u00bbleft\u00bb body_text_color=\u00bb#3a3a3a\u00bb background_color=\u00bb#FFFFFF\u00bb custom_padding=\u00bb11px||5px|||\u00bb border_color_all=\u00bb#cecece\u00bb border_style_all=\u00bbdouble\u00bb global_colors_info=\u00bb{}\u00bb]<\/p>\n<ul id=\"details-1\">\n<li class=\"detalle-caracteristicas\"><i class=\"jfont\"><\/i>Cocina Integral<i class=\"jfont\"><\/i><\/li>\n<li class=\"detalle-caracteristicas\"><i class=\"jfont\"><\/i>Sala Comedor<\/li>\n<li class=\"detalle-caracteristicas\"><i class=\"jfont\"><\/i>Estado Del Inmueble Estrenar<i class=\"jfont\"><\/i><\/li>\n<li class=\"detalle-caracteristicas\"><i class=\"jfont\"><\/i>Servicios Independientes<\/li>\n<li class=\"detalle-caracteristicas\"><i class=\"jfont\"><\/i>Servicios Publicos<i class=\"jfont\"><\/i><\/li>\n<\/ul>\n<p>[\/et_pb_cta][\/et_pb_column][et_pb_column type=\u00bb1_3&#8243; _builder_version=\u00bb4.9.11&#8243; _module_preset=\u00bbdefault\u00bb global_colors_info=\u00bb{}\u00bb][et_pb_cta button_text=\u00bbClics\u00bb _builder_version=\u00bb4.9.11&#8243; _module_preset=\u00bbdefault\u00bb header_font=\u00bbPoppins|700|||||||\u00bb header_text_color=\u00bb#000000&#8243; header_font_size=\u00bb23px\u00bb body_font=\u00bbLato||||||||\u00bb body_text_align=\u00bbleft\u00bb body_text_color=\u00bb#3a3a3a\u00bb background_color=\u00bb#FFFFFF\u00bb custom_padding=\u00bb11px||5px|||\u00bb border_color_all=\u00bb#cecece\u00bb border_style_all=\u00bbdouble\u00bb global_colors_info=\u00bb{}\u00bb]<\/p>\n<ul id=\"details-1\">\n<li class=\"detalle-caracteristicas\"><i class=\"jfont\"><\/i>Pisos Madera Laminada<\/li>\n<li class=\"detalle-caracteristicas\"><i class=\"jfont\"><\/i>Sala<\/li>\n<li class=\"detalle-caracteristicas\"><i class=\"jfont\"><\/i>Balcon<i class=\"jfont\"><\/i><\/li>\n<li class=\"detalle-caracteristicas\"><i class=\"jfont\"><\/i>Vigilancia 24 Horas<\/li>\n<li class=\"detalle-caracteristicas\"><i class=\"jfont\"><\/i>Citofono<\/li>\n<li class=\"detalle-caracteristicas\"><i class=\"jfont\"><\/i>Video Portero<\/li>\n<\/ul>\n<p>[\/et_pb_cta][\/et_pb_column][\/et_pb_row][et_pb_row _builder_version=\u00bb4.9.11&#8243; _module_preset=\u00bbdefault\u00bb custom_padding=\u00bb0px||1px|||\u00bb global_colors_info=\u00bb{}\u00bb][et_pb_column type=\u00bb4_4&#8243; _builder_version=\u00bb4.9.11&#8243; _module_preset=\u00bbdefault\u00bb global_colors_info=\u00bb{}\u00bb][et_pb_cta title=\u00bbCaracter\u00edsticas Externas\u00bb _builder_version=\u00bb4.9.11&#8243; _module_preset=\u00bbdefault\u00bb header_font=\u00bbPoppins|700|||||||\u00bb header_text_align=\u00bbleft\u00bb header_text_color=\u00bb#000000&#8243; header_font_size=\u00bb23px\u00bb body_font=\u00bbLato||||||||\u00bb body_text_align=\u00bbleft\u00bb body_text_color=\u00bb#3a3a3a\u00bb background_color=\u00bb#FFFFFF\u00bb custom_margin=\u00bb||-64px|||\u00bb custom_padding=\u00bb||0px|||\u00bb border_color_all=\u00bb#cecece\u00bb border_style_all=\u00bbdouble\u00bb global_colors_info=\u00bb{}\u00bb][\/et_pb_cta][\/et_pb_column][\/et_pb_row][et_pb_row column_structure=\u00bb1_3,1_3,1_3&#8243; _builder_version=\u00bb4.9.11&#8243; _module_preset=\u00bbdefault\u00bb max_width=\u00bb1273px\u00bb custom_padding=\u00bb||0px|||\u00bb border_width_all=\u00bb7px\u00bb border_color_all=\u00bb#e2e2e2&#8243; border_style_all=\u00bbdouble\u00bb global_colors_info=\u00bb{}\u00bb][et_pb_column type=\u00bb1_3&#8243; _builder_version=\u00bb4.9.11&#8243; _module_preset=\u00bbdefault\u00bb global_colors_info=\u00bb{}\u00bb][et_pb_cta button_text=\u00bbClics\u00bb _builder_version=\u00bb4.9.11&#8243; _module_preset=\u00bbdefault\u00bb header_font=\u00bbPoppins|700|||||||\u00bb header_text_color=\u00bb#000000&#8243; header_font_size=\u00bb23px\u00bb body_font=\u00bbLato||||||||\u00bb body_text_align=\u00bbleft\u00bb body_text_color=\u00bb#3a3a3a\u00bb background_color=\u00bb#FFFFFF\u00bb custom_padding=\u00bb||0px|||\u00bb border_color_all=\u00bb#cecece\u00bb border_style_all=\u00bbdouble\u00bb global_colors_info=\u00bb{}\u00bb]<\/p>\n<ul id=\"details-1\">\n<li class=\"detalle-caracteristicas\">Deposito<\/li>\n<li class=\"detalle-caracteristicas\"><i class=\"jfont\"><\/i>Ladrillo A La Vista<\/li>\n<li class=\"detalle-caracteristicas\"><i class=\"jfont\"><\/i>Ascensor<\/li>\n<li class=\"detalle-caracteristicas\"><i class=\"jfont\"><\/i>Casillero Correo<\/li>\n<li class=\"detalle-caracteristicas\"><i class=\"jfont\"><\/i>Edificio en Zona Residencial<\/li>\n<li class=\"detalle-caracteristicas\"><i class=\"jfont\"><\/i>Recepcion<\/li>\n<li class=\"detalle-caracteristicas\"><i class=\"jfont\"><\/i>Shut De Basura<\/li>\n<\/ul>\n<p>[\/et_pb_cta][\/et_pb_column][et_pb_column type=\u00bb1_3&#8243; _builder_version=\u00bb4.9.11&#8243; _module_preset=\u00bbdefault\u00bb global_colors_info=\u00bb{}\u00bb][et_pb_cta button_text=\u00bbClics\u00bb _builder_version=\u00bb4.9.11&#8243; _module_preset=\u00bbdefault\u00bb header_font=\u00bbPoppins|700|||||||\u00bb header_text_color=\u00bb#000000&#8243; header_font_size=\u00bb23px\u00bb body_font=\u00bbLato||||||||\u00bb body_text_align=\u00bbleft\u00bb body_text_color=\u00bb#3a3a3a\u00bb background_color=\u00bb#FFFFFF\u00bb custom_padding=\u00bb||5px|||\u00bb border_color_all=\u00bb#cecece\u00bb border_style_all=\u00bbdouble\u00bb global_colors_info=\u00bb{}\u00bb]<\/p>\n<ul id=\"details-1\">\n<li class=\"detalle-caracteristicas\">Parqueaderos Cubierto<\/li>\n<li class=\"detalle-caracteristicas\"><i class=\"jfont\"><\/i>Parqueaderos Visitantes<\/li>\n<li class=\"detalle-caracteristicas\"><i class=\"jfont\"><\/i>Vivienda Multifamiliar<\/li>\n<li class=\"detalle-caracteristicas\"><i class=\"jfont\"><\/i>Vigilancia 7 X 24<\/li>\n<li class=\"detalle-caracteristicas\"><i class=\"jfont\"><\/i>Terraza Bbq y Asador<\/li>\n<li class=\"detalle-caracteristicas\"><i class=\"jfont\"><\/i>Sal\u00f3n Comunal<\/li>\n<\/ul>\n<p>[\/et_pb_cta][\/et_pb_column][et_pb_column type=\u00bb1_3&#8243; _builder_version=\u00bb4.9.11&#8243; _module_preset=\u00bbdefault\u00bb global_colors_info=\u00bb{}\u00bb][\/et_pb_column][\/et_pb_row][\/et_pb_section][et_pb_section fb_built=\u00bb1&#8243; module_id=\u00bbform\u00bb _builder_version=\u00bb4.9.11&#8243; _module_preset=\u00bbdefault\u00bb background_color=\u00bbrgba(0,0,0,0.8)\u00bb global_colors_info=\u00bb{}\u00bb][et_pb_row _builder_version=\u00bb4.9.2&#8243; _module_preset=\u00bbdefault\u00bb global_colors_info=\u00bb{}\u00bb][et_pb_column type=\u00bb4_4&#8243; _builder_version=\u00bb4.9.2&#8243; _module_preset=\u00bbdefault\u00bb global_colors_info=\u00bb{}\u00bb][et_pb_text _builder_version=\u00bb4.9.11&#8243; _module_preset=\u00bbdefault\u00bb text_font=\u00bbPoppins|700|||||||\u00bb text_text_color=\u00bb#FFFFFF\u00bb text_font_size=\u00bb32px\u00bb text_line_height=\u00bb1em\u00bb text_font_size_tablet=\u00bb\u00bb text_font_size_phone=\u00bb30px\u00bb text_font_size_last_edited=\u00bbon|phone\u00bb global_colors_info=\u00bb{}\u00bb]<\/p>\n<p>\u00bfDeseas Informaci\u00f3n de este Apartamento?<\/p>\n<p>[\/et_pb_text][\/et_pb_column][\/et_pb_row][et_pb_row column_structure=\u00bb1_2,1_2&#8243; _builder_version=\u00bb4.9.11&#8243; _module_preset=\u00bbdefault\u00bb global_colors_info=\u00bb{}\u00bb][et_pb_column type=\u00bb1_2&#8243; _builder_version=\u00bb4.9.11&#8243; _module_preset=\u00bbdefault\u00bb global_colors_info=\u00bb{}\u00bb][et_pb_contact_form email=\u00bbwdlopez@gmail.com\u00bb title=\u00bbDescarga Cotizaci\u00f3n de este Apto\u00bb custom_message=\u00bbHola! Alguien est\u00e1 interesado en reservar el APARTAMENTO 203-303.  https:\/\/homyapartamentos.com.co\/apartamento-1\/||et_pb_line_break_holder||||et_pb_line_break_holder||Nombre: %%Name%%||et_pb_line_break_holder||Tel\u00e9fono: %%Phone%%||et_pb_line_break_holder||Email: %%Email%%||et_pb_line_break_holder||Fechas: %%fechas%%||et_pb_line_break_holder||Mensaje: %%Message%%\u00bb use_redirect=\u00bbon\u00bb redirect_url=\u00bbventastlm@edifintel.com\u00bb success_message=\u00bb\u00a1Recibimos tu solicitud! Pronto nos pondremos en contacto\u00bb submit_button_text=\u00bbDESCARGAR\u00bb _builder_version=\u00bb4.9.11&#8243; _module_preset=\u00bbc32ee364-cbb8-40dd-94e3-db8acfcd2a60&#8243; title_text_color=\u00bb#FFFFFF\u00bb title_font_size=\u00bb22px\u00bb custom_button=\u00bbon\u00bb button_text_size=\u00bb17px\u00bb button_text_color=\u00bb#FFFFFF\u00bb button_bg_color=\u00bb#b7cc33&#8243; button_font=\u00bbPoppins||||||||\u00bb custom_margin=\u00bb||18px|||\u00bb hover_enabled=\u00bb0&#8243; border_radii=\u00bbon|15px|15px|15px|15px\u00bb global_colors_info=\u00bb{}\u00bb button_bg_color__hover_enabled=\u00bbon|desktop\u00bb sticky_enabled=\u00bb0&#8243;][et_pb_contact_field field_id=\u00bbName\u00bb field_title=\u00bbNombre\u00bb fullwidth_field=\u00bbon\u00bb _builder_version=\u00bb4.9.11&#8243; global_colors_info=\u00bb{}\u00bb button_text_size__hover_enabled=\u00bboff\u00bb button_one_text_size__hover_enabled=\u00bboff\u00bb button_two_text_size__hover_enabled=\u00bboff\u00bb button_text_color__hover_enabled=\u00bboff\u00bb button_one_text_color__hover_enabled=\u00bboff\u00bb button_two_text_color__hover_enabled=\u00bboff\u00bb button_border_width__hover_enabled=\u00bboff\u00bb button_one_border_width__hover_enabled=\u00bboff\u00bb button_two_border_width__hover_enabled=\u00bboff\u00bb button_border_color__hover_enabled=\u00bboff\u00bb button_one_border_color__hover_enabled=\u00bboff\u00bb button_two_border_color__hover_enabled=\u00bboff\u00bb button_border_radius__hover_enabled=\u00bboff\u00bb button_one_border_radius__hover_enabled=\u00bboff\u00bb button_two_border_radius__hover_enabled=\u00bboff\u00bb button_letter_spacing__hover_enabled=\u00bboff\u00bb button_one_letter_spacing__hover_enabled=\u00bboff\u00bb button_two_letter_spacing__hover_enabled=\u00bboff\u00bb button_bg_color__hover_enabled=\u00bboff\u00bb button_one_bg_color__hover_enabled=\u00bboff\u00bb button_two_bg_color__hover_enabled=\u00bboff\u00bb][\/et_pb_contact_field][et_pb_contact_field field_id=\u00bbPhone\u00bb field_title=\u00bbTel\u00e9fono\u00bb fullwidth_field=\u00bbon\u00bb _builder_version=\u00bb4.9.11&#8243; global_colors_info=\u00bb{}\u00bb button_text_size__hover_enabled=\u00bboff\u00bb button_one_text_size__hover_enabled=\u00bboff\u00bb button_two_text_size__hover_enabled=\u00bboff\u00bb button_text_color__hover_enabled=\u00bboff\u00bb button_one_text_color__hover_enabled=\u00bboff\u00bb button_two_text_color__hover_enabled=\u00bboff\u00bb button_border_width__hover_enabled=\u00bboff\u00bb button_one_border_width__hover_enabled=\u00bboff\u00bb button_two_border_width__hover_enabled=\u00bboff\u00bb button_border_color__hover_enabled=\u00bboff\u00bb button_one_border_color__hover_enabled=\u00bboff\u00bb button_two_border_color__hover_enabled=\u00bboff\u00bb button_border_radius__hover_enabled=\u00bboff\u00bb button_one_border_radius__hover_enabled=\u00bboff\u00bb button_two_border_radius__hover_enabled=\u00bboff\u00bb button_letter_spacing__hover_enabled=\u00bboff\u00bb button_one_letter_spacing__hover_enabled=\u00bboff\u00bb button_two_letter_spacing__hover_enabled=\u00bboff\u00bb button_bg_color__hover_enabled=\u00bboff\u00bb button_one_bg_color__hover_enabled=\u00bboff\u00bb button_two_bg_color__hover_enabled=\u00bboff\u00bb][\/et_pb_contact_field][et_pb_contact_field field_id=\u00bbEmail\u00bb field_title=\u00bbDirecci\u00f3n de correo electr\u00f3nico\u00bb field_type=\u00bbemail\u00bb fullwidth_field=\u00bbon\u00bb _builder_version=\u00bb4.9.11&#8243; global_colors_info=\u00bb{}\u00bb button_text_size__hover_enabled=\u00bboff\u00bb button_one_text_size__hover_enabled=\u00bboff\u00bb button_two_text_size__hover_enabled=\u00bboff\u00bb button_text_color__hover_enabled=\u00bboff\u00bb button_one_text_color__hover_enabled=\u00bboff\u00bb button_two_text_color__hover_enabled=\u00bboff\u00bb button_border_width__hover_enabled=\u00bboff\u00bb button_one_border_width__hover_enabled=\u00bboff\u00bb button_two_border_width__hover_enabled=\u00bboff\u00bb button_border_color__hover_enabled=\u00bboff\u00bb button_one_border_color__hover_enabled=\u00bboff\u00bb button_two_border_color__hover_enabled=\u00bboff\u00bb button_border_radius__hover_enabled=\u00bboff\u00bb button_one_border_radius__hover_enabled=\u00bboff\u00bb button_two_border_radius__hover_enabled=\u00bboff\u00bb button_letter_spacing__hover_enabled=\u00bboff\u00bb button_one_letter_spacing__hover_enabled=\u00bboff\u00bb button_two_letter_spacing__hover_enabled=\u00bboff\u00bb button_bg_color__hover_enabled=\u00bboff\u00bb button_one_bg_color__hover_enabled=\u00bboff\u00bb button_two_bg_color__hover_enabled=\u00bboff\u00bb][\/et_pb_contact_field][\/et_pb_contact_form][\/et_pb_column][et_pb_column type=\u00bb1_2&#8243; _builder_version=\u00bb4.9.11&#8243; _module_preset=\u00bbdefault\u00bb global_colors_info=\u00bb{}\u00bb][et_pb_image src=\u00bbhttp:\/\/edifintel.com\/inicio\/wp-content\/uploads\/2021\/09\/Logo-torres-de-la-merced.png\u00bb title_text=\u00bbLogo torres de la merced\u00bb _builder_version=\u00bb4.9.11&#8243; _module_preset=\u00bbdefault\u00bb global_colors_info=\u00bb{}\u00bb][\/et_pb_image][\/et_pb_column][\/et_pb_row][\/et_pb_section][et_pb_section fb_built=\u00bb1&#8243; disabled_on=\u00bboff|off|off\u00bb _builder_version=\u00bb4.9.2&#8243; _module_preset=\u00bbdefault\u00bb background_color=\u00bb#e2e2e2&#8243; custom_padding=\u00bb29px||17px|||\u00bb global_module=\u00bb679&#8243; saved_tabs=\u00bball\u00bb global_colors_info=\u00bb{}\u00bb][et_pb_row column_structure=\u00bb1_2,1_2&#8243; _builder_version=\u00bb4.9.2&#8243; _module_preset=\u00bbdefault\u00bb global_colors_info=\u00bb{}\u00bb][et_pb_column type=\u00bb1_2&#8243; _builder_version=\u00bb4.9.2&#8243; _module_preset=\u00bbdefault\u00bb global_colors_info=\u00bb{}\u00bb][et_pb_text _builder_version=\u00bb4.9.11&#8243; _module_preset=\u00bbdefault\u00bb text_font=\u00bbPoppins|600|||||||\u00bb text_font_size=\u00bb22px\u00bb custom_padding=\u00bb||16px|||\u00bb global_colors_info=\u00bb{}\u00bb]<\/p>\n<p>Informaci\u00f3n de Contacto:<\/p>\n<p>[\/et_pb_text][et_pb_blurb title=\u00bb350 5889536 \u00bb use_icon=\u00bbon\u00bb font_icon=\u00bb%%104%%\u00bb icon_color=\u00bb#373435&#8243; icon_placement=\u00bbleft\u00bb use_icon_font_size=\u00bbon\u00bb icon_font_size=\u00bb23px\u00bb _builder_version=\u00bb4.9.11&#8243; _module_preset=\u00bbdefault\u00bb header_font=\u00bbPoppins||||||||\u00bb min_height=\u00bb33px\u00bb custom_margin=\u00bb-25px|||||\u00bb custom_padding=\u00bb||17px|43px||\u00bb header_font_size_tablet=\u00bb\u00bb header_font_size_phone=\u00bb15px\u00bb header_font_size_last_edited=\u00bbon|desktop\u00bb global_colors_info=\u00bb{}\u00bb][\/et_pb_blurb][et_pb_blurb title=\u00bbventastlm@edifintel.com\u00bb use_icon=\u00bbon\u00bb font_icon=\u00bb%%109%%\u00bb icon_color=\u00bb#373435&#8243; icon_placement=\u00bbleft\u00bb use_icon_font_size=\u00bbon\u00bb icon_font_size=\u00bb23px\u00bb _builder_version=\u00bb4.9.11&#8243; _module_preset=\u00bbdefault\u00bb header_font=\u00bbPoppins||||||||\u00bb min_height=\u00bb33px\u00bb custom_margin=\u00bb-25px|||||\u00bb custom_padding=\u00bb||17px|43px||\u00bb header_font_size_tablet=\u00bb\u00bb header_font_size_phone=\u00bb16px\u00bb header_font_size_last_edited=\u00bbon|phone\u00bb global_colors_info=\u00bb{}\u00bb][\/et_pb_blurb][et_pb_blurb title=\u00bbDirecci\u00f3n:\u00bb use_icon=\u00bbon\u00bb font_icon=\u00bb%%249%%\u00bb icon_color=\u00bb#373435&#8243; icon_placement=\u00bbleft\u00bb use_icon_font_size=\u00bbon\u00bb icon_font_size=\u00bb23px\u00bb _builder_version=\u00bb4.9.11&#8243; _module_preset=\u00bbdefault\u00bb header_font=\u00bbPoppins||||||||\u00bb min_height=\u00bb33px\u00bb custom_margin=\u00bb-25px|||||\u00bb custom_padding=\u00bb||17px|43px||\u00bb global_colors_info=\u00bb{}\u00bb]<\/p>\n<p><span>Cra 35a #57b-14\/16<\/span><br \/>Nicol\u00e1s de Federman | Bogot\u00e1, Colombia<\/p>\n<p>[\/et_pb_blurb][\/et_pb_column][et_pb_column type=\u00bb1_2&#8243; _builder_version=\u00bb4.9.2&#8243; _module_preset=\u00bbdefault\u00bb global_colors_info=\u00bb{}\u00bb][et_pb_image src=\u00bbhttp:\/\/edifintel.com\/inicio\/wp-content\/uploads\/2021\/09\/LOGO.png\u00bb title_text=\u00bbLOGO\u00bb align=\u00bbcenter\u00bb _builder_version=\u00bb4.9.11&#8243; _module_preset=\u00bbdefault\u00bb width=\u00bb43%\u00bb custom_padding=\u00bb0px|||||\u00bb global_colors_info=\u00bb{}\u00bb][\/et_pb_image][et_pb_social_media_follow _builder_version=\u00bb4.9.11&#8243; _module_preset=\u00bbdefault\u00bb text_orientation=\u00bbcenter\u00bb global_colors_info=\u00bb{}\u00bb][et_pb_social_media_follow_network social_network=\u00bbinstagram\u00bb url=\u00bbhttps:\/\/www.instagram.com\/torrelamerced\/\u00bb _builder_version=\u00bb4.9.11&#8243; _module_preset=\u00bbdefault\u00bb background_color=\u00bb#ea2c59&#8243; global_colors_info=\u00bb{}\u00bb follow_button=\u00bboff\u00bb url_new_window=\u00bbon\u00bb]instagram[\/et_pb_social_media_follow_network][et_pb_social_media_follow_network social_network=\u00bbfacebook\u00bb url=\u00bbhttps:\/\/www.facebook.com\/EdificiosInteligentesSAS\/\u00bb _builder_version=\u00bb4.9.11&#8243; _module_preset=\u00bbdefault\u00bb background_color=\u00bb#3b5998&#8243; global_colors_info=\u00bb{}\u00bb follow_button=\u00bboff\u00bb url_new_window=\u00bbon\u00bb]facebook[\/et_pb_social_media_follow_network][\/et_pb_social_media_follow][\/et_pb_column][\/et_pb_row][\/et_pb_section]<\/p>\n","protected":false},"excerpt":{"rendered":"<p>203|303\u00f3partamentos 203 | 303 Apartamento con 1 habitacion, 1 ba\u00f1o. Espectacular apartamento con vista interna, una habitaci\u00f3n, un ba\u00f1o, cocina tipo am\u00e9ricano, estilo loft abierto, sala-comedor, balc\u00f3n, parqueadero y dep\u00f3sito.\u00c1rea Constru\u00edda:49,03m\u00b2\u00c1rea Privada:45,36m\u00b21 Espacio AmplioParqueaderoPrivado1 Ba\u00f1oBicicletero Ba\u00f1o Privado Ba\u00f1o Social Closet Vestier Barra Americana Calentador A Gas Cocina Abierta Horno A Gas Cocina Integral Sala Comedor [&hellip;]<\/p>\n","protected":false},"author":1,"featured_media":0,"parent":0,"menu_order":0,"comment_status":"closed","ping_status":"closed","template":"","meta":{"_et_pb_use_builder":"on","_et_pb_old_content":"","_et_gb_content_width":"","footnotes":""},"class_list":["post-919","page","type-page","status-publish","hentry"],"yoast_head":"<!-- This site is optimized with the Yoast SEO plugin v19.2 - https:\/\/yoast.com\/wordpress\/plugins\/seo\/ -->\n<title>Apartamento 203 y 303 - Torre de la Merced<\/title>\n<meta name=\"robots\" content=\"index, follow, max-snippet:-1, max-image-preview:large, max-video-preview:-1\" \/>\n<link rel=\"canonical\" href=\"https:\/\/edifintel.com\/inicio\/apartamento-203-y-303\/\" \/>\n<meta property=\"og:locale\" content=\"es_ES\" \/>\n<meta property=\"og:type\" content=\"article\" \/>\n<meta property=\"og:title\" content=\"Apartamento 203 y 303 - Torre de la Merced\" \/>\n<meta property=\"og:description\" content=\"203|303\u00f3partamentos 203 | 303 Apartamento con 1 habitacion, 1 ba\u00f1o. Espectacular apartamento con vista interna, una habitaci\u00f3n, un ba\u00f1o, cocina tipo am\u00e9ricano, estilo loft abierto, sala-comedor, balc\u00f3n, parqueadero y dep\u00f3sito.\u00c1rea Constru\u00edda:49,03m\u00b2\u00c1rea Privada:45,36m\u00b21 Espacio AmplioParqueaderoPrivado1 Ba\u00f1oBicicletero Ba\u00f1o Privado Ba\u00f1o Social Closet Vestier Barra Americana Calentador A Gas Cocina Abierta Horno A Gas Cocina Integral Sala Comedor [&hellip;]\" \/>\n<meta property=\"og:url\" content=\"https:\/\/edifintel.com\/inicio\/apartamento-203-y-303\/\" \/>\n<meta property=\"og:site_name\" content=\"Torre de la Merced\" \/>\n<meta property=\"article:modified_time\" content=\"2022-04-16T02:28:02+00:00\" \/>\n<meta property=\"og:image\" content=\"http:\/\/edifintel.com\/inicio\/wp-content\/uploads\/2021\/09\/Area-Construida.png\" \/>\n<meta name=\"author\" content=\"admin\" \/>\n<meta name=\"twitter:card\" content=\"summary_large_image\" \/>\n<meta name=\"twitter:label1\" content=\"Tiempo de lectura\" \/>\n\t<meta name=\"twitter:data1\" content=\"15 minutos\" \/>\n<script type=\"application\/ld+json\" class=\"yoast-schema-graph\">{\"@context\":\"https:\/\/schema.org\",\"@graph\":[{\"@type\":\"WebSite\",\"@id\":\"https:\/\/edifintel.com\/inicio\/#website\",\"url\":\"https:\/\/edifintel.com\/inicio\/\",\"name\":\"Torre de la Merced\",\"description\":\"Apartamentos Nicol\u00e1s de Federm\u00e1n\",\"potentialAction\":[{\"@type\":\"SearchAction\",\"target\":{\"@type\":\"EntryPoint\",\"urlTemplate\":\"https:\/\/edifintel.com\/inicio\/?s={search_term_string}\"},\"query-input\":\"required name=search_term_string\"}],\"inLanguage\":\"es\"},{\"@type\":\"ImageObject\",\"inLanguage\":\"es\",\"@id\":\"https:\/\/edifintel.com\/inicio\/apartamento-203-y-303\/#primaryimage\",\"url\":\"https:\/\/edifintel.com\/inicio\/wp-content\/uploads\/2021\/09\/Area-Construida.png\",\"contentUrl\":\"https:\/\/edifintel.com\/inicio\/wp-content\/uploads\/2021\/09\/Area-Construida.png\",\"width\":55,\"height\":53},{\"@type\":\"WebPage\",\"@id\":\"https:\/\/edifintel.com\/inicio\/apartamento-203-y-303\/#webpage\",\"url\":\"https:\/\/edifintel.com\/inicio\/apartamento-203-y-303\/\",\"name\":\"Apartamento 203 y 303 - Torre de la Merced\",\"isPartOf\":{\"@id\":\"https:\/\/edifintel.com\/inicio\/#website\"},\"primaryImageOfPage\":{\"@id\":\"https:\/\/edifintel.com\/inicio\/apartamento-203-y-303\/#primaryimage\"},\"datePublished\":\"2021-09-28T02:33:25+00:00\",\"dateModified\":\"2022-04-16T02:28:02+00:00\",\"breadcrumb\":{\"@id\":\"https:\/\/edifintel.com\/inicio\/apartamento-203-y-303\/#breadcrumb\"},\"inLanguage\":\"es\",\"potentialAction\":[{\"@type\":\"ReadAction\",\"target\":[\"https:\/\/edifintel.com\/inicio\/apartamento-203-y-303\/\"]}]},{\"@type\":\"BreadcrumbList\",\"@id\":\"https:\/\/edifintel.com\/inicio\/apartamento-203-y-303\/#breadcrumb\",\"itemListElement\":[{\"@type\":\"ListItem\",\"position\":1,\"name\":\"Portada\",\"item\":\"https:\/\/edifintel.com\/inicio\/\"},{\"@type\":\"ListItem\",\"position\":2,\"name\":\"Apartamento 203 y 303\"}]}]}<\/script>\n<!-- \/ Yoast SEO plugin. -->","yoast_head_json":{"title":"Apartamento 203 y 303 - Torre de la Merced","robots":{"index":"index","follow":"follow","max-snippet":"max-snippet:-1","max-image-preview":"max-image-preview:large","max-video-preview":"max-video-preview:-1"},"canonical":"https:\/\/edifintel.com\/inicio\/apartamento-203-y-303\/","og_locale":"es_ES","og_type":"article","og_title":"Apartamento 203 y 303 - Torre de la Merced","og_description":"203|303\u00f3partamentos 203 | 303 Apartamento con 1 habitacion, 1 ba\u00f1o. Espectacular apartamento con vista interna, una habitaci\u00f3n, un ba\u00f1o, cocina tipo am\u00e9ricano, estilo loft abierto, sala-comedor, balc\u00f3n, parqueadero y dep\u00f3sito.\u00c1rea Constru\u00edda:49,03m\u00b2\u00c1rea Privada:45,36m\u00b21 Espacio AmplioParqueaderoPrivado1 Ba\u00f1oBicicletero Ba\u00f1o Privado Ba\u00f1o Social Closet Vestier Barra Americana Calentador A Gas Cocina Abierta Horno A Gas Cocina Integral Sala Comedor [&hellip;]","og_url":"https:\/\/edifintel.com\/inicio\/apartamento-203-y-303\/","og_site_name":"Torre de la Merced","article_modified_time":"2022-04-16T02:28:02+00:00","og_image":[{"url":"http:\/\/edifintel.com\/inicio\/wp-content\/uploads\/2021\/09\/Area-Construida.png"}],"author":"admin","twitter_card":"summary_large_image","twitter_misc":{"Tiempo de lectura":"15 minutos"},"schema":{"@context":"https:\/\/schema.org","@graph":[{"@type":"WebSite","@id":"https:\/\/edifintel.com\/inicio\/#website","url":"https:\/\/edifintel.com\/inicio\/","name":"Torre de la Merced","description":"Apartamentos Nicol\u00e1s de Federm\u00e1n","potentialAction":[{"@type":"SearchAction","target":{"@type":"EntryPoint","urlTemplate":"https:\/\/edifintel.com\/inicio\/?s={search_term_string}"},"query-input":"required name=search_term_string"}],"inLanguage":"es"},{"@type":"ImageObject","inLanguage":"es","@id":"https:\/\/edifintel.com\/inicio\/apartamento-203-y-303\/#primaryimage","url":"https:\/\/edifintel.com\/inicio\/wp-content\/uploads\/2021\/09\/Area-Construida.png","contentUrl":"https:\/\/edifintel.com\/inicio\/wp-content\/uploads\/2021\/09\/Area-Construida.png","width":55,"height":53},{"@type":"WebPage","@id":"https:\/\/edifintel.com\/inicio\/apartamento-203-y-303\/#webpage","url":"https:\/\/edifintel.com\/inicio\/apartamento-203-y-303\/","name":"Apartamento 203 y 303 - Torre de la Merced","isPartOf":{"@id":"https:\/\/edifintel.com\/inicio\/#website"},"primaryImageOfPage":{"@id":"https:\/\/edifintel.com\/inicio\/apartamento-203-y-303\/#primaryimage"},"datePublished":"2021-09-28T02:33:25+00:00","dateModified":"2022-04-16T02:28:02+00:00","breadcrumb":{"@id":"https:\/\/edifintel.com\/inicio\/apartamento-203-y-303\/#breadcrumb"},"inLanguage":"es","potentialAction":[{"@type":"ReadAction","target":["https:\/\/edifintel.com\/inicio\/apartamento-203-y-303\/"]}]},{"@type":"BreadcrumbList","@id":"https:\/\/edifintel.com\/inicio\/apartamento-203-y-303\/#breadcrumb","itemListElement":[{"@type":"ListItem","position":1,"name":"Portada","item":"https:\/\/edifintel.com\/inicio\/"},{"@type":"ListItem","position":2,"name":"Apartamento 203 y 303"}]}]}},"_links":{"self":[{"href":"https:\/\/edifintel.com\/inicio\/wp-json\/wp\/v2\/pages\/919","targetHints":{"allow":["GET"]}}],"collection":[{"href":"https:\/\/edifintel.com\/inicio\/wp-json\/wp\/v2\/pages"}],"about":[{"href":"https:\/\/edifintel.com\/inicio\/wp-json\/wp\/v2\/types\/page"}],"author":[{"embeddable":true,"href":"https:\/\/edifintel.com\/inicio\/wp-json\/wp\/v2\/users\/1"}],"replies":[{"embeddable":true,"href":"https:\/\/edifintel.com\/inicio\/wp-json\/wp\/v2\/comments?post=919"}],"version-history":[{"count":11,"href":"https:\/\/edifintel.com\/inicio\/wp-json\/wp\/v2\/pages\/919\/revisions"}],"predecessor-version":[{"id":1149,"href":"https:\/\/edifintel.com\/inicio\/wp-json\/wp\/v2\/pages\/919\/revisions\/1149"}],"wp:attachment":[{"href":"https:\/\/edifintel.com\/inicio\/wp-json\/wp\/v2\/media?parent=919"}],"curies":[{"name":"wp","href":"https:\/\/api.w.org\/{rel}","templated":true}]}}